{"id":60139,"date":"2022-02-23T13:18:00","date_gmt":"2022-02-23T12:18:00","guid":{"rendered":"https:\/\/www.telealarm.com\/?page_id=60139"},"modified":"2022-03-23T16:51:43","modified_gmt":"2022-03-23T15:51:43","slug":"enregistrer-espace-partenaires","status":"publish","type":"page","link":"https:\/\/www.telealarm.com\/fr\/enregistrer-espace-partenaires\/","title":{"rendered":"enregistrer espace partenaires"},"content":{"rendered":"<section class=\"wpb-content-wrapper\"><p>[vc_row][vc_column][vc_empty_space][vc_column_text]\r\n<div class=\"um um-register um-60137\">\r\n\r\n\t<div class=\"um-form\" data-mode=\"register\">\r\n\r\n\t\t<form method=\"post\" action=\"\">\r\n\r\n\t\t\t<div class=\"um-row _um_row_1 \" style=\"margin: 0 0 30px 0;\"><div class=\"um-col-1\"><div  id=\"um_field_60137_user_login\" class=\"um-field um-field-text  um-field-user_login um-field-text um-field-type_text\" data-key=\"user_login\"><div class=\"um-field-label\"><label for=\"user_login-60137\">nom d'utilisateur<\/label><div class=\"um-clear\"><\/div><\/div><div class=\"um-field-area\"><input  autocomplete=\"off\" class=\"um-form-field valid \" type=\"text\" name=\"user_login-60137\" id=\"user_login-60137\" value=\"\" placeholder=\"\" data-validate=\"unique_username\" data-key=\"user_login\" \/>\r\n\r\n\t\t\t\t\t\t<\/div><\/div><div  id=\"um_field_60137_first_name\" class=\"um-field um-field-text  um-field-first_name um-field-text um-field-type_text\" data-key=\"first_name\"><div class=\"um-field-label\"><label for=\"first_name-60137\">pr\u00e9nom<\/label><div class=\"um-clear\"><\/div><\/div><div class=\"um-field-area\"><input  autocomplete=\"off\" class=\"um-form-field valid \" type=\"text\" name=\"first_name-60137\" id=\"first_name-60137\" value=\"\" placeholder=\"\" data-validate=\"\" data-key=\"first_name\" \/>\r\n\r\n\t\t\t\t\t\t<\/div><\/div><div  id=\"um_field_60137_last_name\" class=\"um-field um-field-text  um-field-last_name um-field-text um-field-type_text\" data-key=\"last_name\"><div class=\"um-field-label\"><label for=\"last_name-60137\">nom de famille<\/label><div class=\"um-clear\"><\/div><\/div><div class=\"um-field-area\"><input  autocomplete=\"off\" class=\"um-form-field valid \" type=\"text\" name=\"last_name-60137\" id=\"last_name-60137\" value=\"\" placeholder=\"\" data-validate=\"\" data-key=\"last_name\" \/>\r\n\r\n\t\t\t\t\t\t<\/div><\/div><div  id=\"um_field_60137_user_email\" class=\"um-field um-field-text  um-field-user_email um-field-text um-field-type_text\" data-key=\"user_email\"><div class=\"um-field-label\"><label for=\"user_email-60137\">adresse e-mail<\/label><div class=\"um-clear\"><\/div><\/div><div class=\"um-field-area\"><input  autocomplete=\"off\" class=\"um-form-field valid \" type=\"text\" name=\"user_email-60137\" id=\"user_email-60137\" value=\"\" placeholder=\"\" data-validate=\"unique_email\" data-key=\"user_email\" \/>\r\n\r\n\t\t\t\t\t\t<\/div><\/div><div  id=\"um_field_60137_user_password\" class=\"um-field um-field-password  um-field-user_password um-field-password um-field-type_password\" data-key=\"user_password\"><div class=\"um-field-label\"><label for=\"user_password-60137\">mot de passe<\/label><div class=\"um-clear\"><\/div><\/div><div class=\"um-field-area\"><input class=\"um-form-field valid \" type=\"password\" name=\"user_password-60137\" id=\"user_password-60137\" value=\"\" placeholder=\"\" data-validate=\"\" data-key=\"user_password\" \/>\r\n\r\n\t\t\t\t\t\t<\/div><\/div><div  id=\"um_field_60137_confirm_user_password\" class=\"um-field um-field-password  um-field-user_password um-field-password um-field-type_password\" data-key=\"confirm_user_password\"><div class=\"um-field-label\"><label for=\"confirm_user_password-60137\">Confirmez le mot de passe<\/label><div class=\"um-clear\"><\/div><\/div><div class=\"um-field-area\"><input class=\"um-form-field valid \" type=\"password\" name=\"confirm_user_password-60137\" id=\"confirm_user_password-60137\" value=\"\" placeholder=\"Confirmez le mot de passe\" data-validate=\"\" data-key=\"confirm_user_password\" \/><\/div><\/div><div  id=\"um_field_60137_customer_number\" class=\"um-field um-field-number  um-field-customer_number um-field-number um-field-type_number\" data-key=\"customer_number\"><div class=\"um-field-label\"><label for=\"customer_number-60137\">num\u00e9ro de client<\/label><span class=\"um-tip um-tip-w\" title=\"Votre num\u00e9ro de client \u00e0 8 chiffres est n\u00e9cessaire pour v\u00e9rifier votre compte.\"><i class=\"um-icon-help-circled\"><\/i><\/span><div class=\"um-clear\"><\/div><\/div><div class=\"um-field-area\"><input  class=\"um-form-field valid \" type=\"number\" name=\"customer_number-60137\" id=\"customer_number-60137\" value=\"\" placeholder=\"\" data-validate=\"numeric\" data-key=\"customer_number\"  min=\"10000001\"  max=\"10009999\"  \/>\r\n\r\n\t\t\t\t\t\t<\/div><\/div><\/div><\/div>\r\n<!-- This file should primarily consist of HTML with a little bit of PHP. -->\r\n<div class=\"um-field um-field-type_terms_conditions\" data-key=\"use_terms_conditions_agreement\" style=\"display:block;padding:0;\">\r\n\t<div class=\"um-field-area\">\r\n\t\t<div class=\"um-gdpr-content\" style=\"display:none;\">\r\n\t\t\t<section class=\"wpb-content-wrapper\"><p>[vc_row equal_height=&#8221;yes&#8221; content_placement=&#8221;middle&#8221; css=&#8221;.vc_custom_1592426379436{padding-top: 50px !important;padding-bottom: 50px !important;}&#8221;][vc_column css=&#8221;.vc_custom_1571477821281{padding-bottom: 30px !important;}&#8221;]<div id=\"ultimate-heading-220969f3e6345d5ed\" class=\"uvc-heading ult-adjust-bottom-margin ultimate-heading-220969f3e6345d5ed uvc-8453  uvc-heading-default-font-sizes\" data-hspacer=\"no_spacer\"  data-halign=\"left\" style=\"text-align:left\"><div class=\"uvc-heading-spacer no_spacer\" style=\"top\"><\/div><div class=\"uvc-main-heading ult-responsive\"  data-ultimate-target='.uvc-heading.ultimate-heading-220969f3e6345d5ed h2'  data-responsive-json-new='{\"font-size\":\"\",\"line-height\":\"\"}' ><h2 style=\"font-weight:bold;margin-bottom:40px;\">Politique de confidentialit\u00e9<\/h2><\/div><div class=\"uvc-sub-heading ult-responsive\"  data-ultimate-target='.uvc-heading.ultimate-heading-220969f3e6345d5ed .uvc-sub-heading '  data-responsive-json-new='{\"font-size\":\"\",\"line-height\":\"\"}'  style=\"font-weight:normal;\"><strong>Vous trouverez ici la derni\u00e8re politique g\u00e9n\u00e9rale de confidentialit\u00e9 de Telealarm Europe GmbH:<\/strong> <a href=\"https:\/\/www.telealarm.com\/wp-content\/uploads\/Allgemeine-Datenschutzerklaerung_EN-1.pdf\">Download<\/a><\/p>\n<p>&nbsp;<\/p>\n<p><\/div><\/div>[vc_column_text css=&#8221;&#8221;]<strong>Protection des donn\u00e9es<\/strong><\/p>\n<p><strong>D\u00e9claration relative au traitement des donn\u00e9es \u00e0 caract\u00e8re personnel<\/strong><\/p>\n<p><strong>Les informations suivantes vous donnent, en tant qu\u2019utilisateur de notre site web, un aper\u00e7u simple de ce qui se passe avec vos donn\u00e9es lorsque vous visitez ce site web.<\/strong><\/p>\n<p>&nbsp;<\/p>\n<p><strong>Donn\u00e9es \u00e0 caract\u00e8re personnel<\/strong>\u00a0: toutes les informations qui se rapportent \u00e0 une personne physique identifi\u00e9e ou identifiable\u00a0; est consid\u00e9r\u00e9e comme identifiable une personne physique, c\u2019est-\u00e0-dire vous, qui peut \u00eatre identifi\u00e9e directement ou indirectement, notamment par une association \u00e0 un identifiant comme un nom, \u00e0 un num\u00e9ro d\u2019identification, \u00e0 des donn\u00e9es de localisation, \u00e0 un identifiant en ligne ou \u00e0 une ou plusieurs caract\u00e9ristiques particuli\u00e8res exprimant l\u2019identit\u00e9 physique, physiologique, g\u00e9n\u00e9tique, psychique, \u00e9conomique, culturelle ou sociale de cette personne physique.<\/p>\n<p><strong>\u00a0<\/strong><\/p>\n<p><strong>Responsable en mati\u00e8re de protection des donn\u00e9es<\/strong> : la personne physique ou morale, l\u2019autorit\u00e9, l\u2019\u00e9tablissement ou tout autre organe qui d\u00e9cide seul\u00b7e ou conjointement avec d\u2019autres des finalit\u00e9s et des moyens du traitement de donn\u00e9es \u00e0 caract\u00e8re personnel. Vous trouverez le responsable en I.<\/p>\n<p><strong>\u00a0<\/strong><\/p>\n<p><strong>Tiers<\/strong> : une personne physique ou morale, une autorit\u00e9, un \u00e9tablissement ou un autre organe, en dehors de vous, du responsable, du sous-traitant et des personnes qui sont autoris\u00e9es, sous la responsabilit\u00e9 directe du responsable ou du sous-traitant, \u00e0 traiter les donn\u00e9es \u00e0 caract\u00e8re personnel.<\/p>\n<p>&nbsp;<\/p>\n<ol>\n<li><strong> Nom et adresse du responsable<\/strong><\/li>\n<\/ol>\n<p>Conform\u00e9ment au r\u00e8glement g\u00e9n\u00e9ral sur la protection des donn\u00e9es et \u00e0 d\u2019autres lois nationales sur la protection des donn\u00e9es des \u00c9tats membres ainsi qu\u2019\u00e0 d\u2019autres dispositions en mati\u00e8re de protection des donn\u00e9es, le responsable est\u00a0la soci\u00e9t\u00e9\u00a0:<\/p>\n<p>TeleAlarm Europe GmbH<br \/>\nTorgauer Stra\u00dfe 231<br \/>\n04347 Leipzig<br \/>\nT\u00e9l\u00e9phone : +49 (0) 341 332 0010<br \/>\ne-mail\u00a0:\u00a0<a href=\"mailto:protectiondesdonn\u00e9es@telealarm.com\">protectiondesdonn\u00e9es@telealarm.com<\/a><\/p>\n<p>&nbsp;<\/p>\n<ol>\n<li><strong> Coordonn\u00e9es de la d\u00e9l\u00e9gu\u00e9e \u00e0 la protection des donn\u00e9es<\/strong><\/li>\n<\/ol>\n<p>Rechtsanw\u00e4ltin Marion Albrecht<br \/>\nactivelaw Offenhausen.Wolter PartmbB<br \/>\nHans-B\u00f6ckler-Allee 26<br \/>\n30173 Hanovre<br \/>\nT.: 0511 547 47 0<br \/>\ne-mail\u00a0: datenschutz@activelaw.de<\/p>\n<p>&nbsp;<\/p>\n<p><strong>III. G\u00e9n\u00e9ralit\u00e9s sur le traitement des donn\u00e9es<\/strong><\/p>\n<ol>\n<li><strong> \u00c9tendue du traitement des donn\u00e9es \u00e0 caract\u00e8re personnel<\/strong><\/li>\n<\/ol>\n<p>En principe, nous collectons et utilisons des donn\u00e9es \u00e0 caract\u00e8re personnel de nos utilisateurs seulement dans la mesure o\u00f9 cela est n\u00e9cessaire pour mettre \u00e0 disposition un site web fonctionnel ainsi que nos contenus et prestations. La collecte et l\u2019utilisation de donn\u00e9es \u00e0 caract\u00e8re personnel de nos utilisateurs ne sont effectu\u00e9es qu\u2019apr\u00e8s avoir obtenu le consentement de l\u2019utilisateur. Une exception \u00e0 cette disposition s\u2019applique dans les cas o\u00f9 il n\u2019est pas possible d\u2019obtenir un consentement pr\u00e9alable pour des raisons factuelles et le traitement des donn\u00e9es est autoris\u00e9 par des prescriptions l\u00e9gales.<\/p>\n<ol start=\"2\">\n<li><strong> Base juridique du traitement des donn\u00e9es \u00e0 caract\u00e8re personnel<\/strong><\/li>\n<\/ol>\n<p>Dans la mesure o\u00f9 nous nous procurons votre consentement pour les op\u00e9rations de traitement de donn\u00e9es \u00e0 caract\u00e8re personnel, l\u2019article 6, paragraphe 1, point a) du r\u00e8glement g\u00e9n\u00e9ral de l\u2019UE sur la protection des donn\u00e9es (RGPD) constitue la base juridique pour le traitement des donn\u00e9es \u00e0 caract\u00e8re personnel.<\/p>\n<p>Lors du traitement de donn\u00e9es \u00e0 caract\u00e8re personnel qui est n\u00e9cessaire en vue de l\u2019ex\u00e9cution d\u2019un contrat pour lequel vous \u00eates la partie contractante, l\u2019article 6, paragraphe 1, point b) du RGPD constitue la base juridique. Cela s\u2019applique aussi aux op\u00e9rations de traitement qui sont n\u00e9cessaires pour mettre en \u0153uvre des mesures pr\u00e9contractuelles.<\/p>\n<p>Si un traitement des donn\u00e9es \u00e0 caract\u00e8re personnel est n\u00e9cessaire en vue de l\u2019ex\u00e9cution d\u2019une obligation l\u00e9gale \u00e0 laquelle nous sommes tenus, l\u2019article 6, paragraphe 1, point c) du RGPD constitue la base juridique.<\/p>\n<p>Si le traitement est n\u00e9cessaire aux fins des int\u00e9r\u00eats l\u00e9gitimes de notre entreprise ou d\u2019un tiers et si vos int\u00e9r\u00eats, vos libert\u00e9s et droits fondamentaux ne pr\u00e9valent pas sur l\u2019int\u00e9r\u00eat nomm\u00e9 en premier lieu, l\u2019article 6, paragraphe 1, point f) du RGPD constitue la base juridique du traitement.<\/p>\n<ol start=\"3\">\n<li><strong> Suppression des donn\u00e9es et dur\u00e9e de l\u2019enregistrement<\/strong><\/li>\n<\/ol>\n<p>Vos donn\u00e9es \u00e0 caract\u00e8re personnel sont supprim\u00e9es ou bloqu\u00e9es d\u00e8s qu\u2019il n\u2019y a plus de finalit\u00e9 \u00e0 l\u2019enregistrement. Une conservation plus longue peut avoir lieu si cela est pr\u00e9vu par le l\u00e9gislateur europ\u00e9en ou national dans des dispositions, lois ou autres r\u00e8glements de l\u2019Union europ\u00e9enne auxquels nous sommes soumis. Un blocage ou une suppression des donn\u00e9es est aussi effectu\u00e9 lorsqu\u2019un d\u00e9lai de conservation prescrit par les normes susmentionn\u00e9es expire, sauf s\u2019il est n\u00e9cessaire de conserver encore les donn\u00e9es en vue de la conclusion ou de l\u2019ex\u00e9cution d\u2019un contrat.<\/p>\n<ol>\n<li><strong> Mise \u00e0 disposition du site web et cr\u00e9ation de fichiers journaux (log files)<\/strong><\/li>\n<li><strong> Description et \u00e9tendue du traitement des donn\u00e9es<\/strong><\/li>\n<\/ol>\n<p>\u00c0 chaque consultation de notre site internet, notre syst\u00e8me enregistre de mani\u00e8re automatique des donn\u00e9es et informations du syst\u00e8me informatique de l\u2019ordinateur \u00e0 l\u2019origine de la consultation.<\/p>\n<p>Les donn\u00e9es suivantes sont alors collect\u00e9es\u00a0:<\/p>\n<ul>\n<li>informations sur le type de navigateur et la version utilis\u00e9e<\/li>\n<\/ul>\n<p>Les donn\u00e9es sont aussi enregistr\u00e9es dans les fichiers journaux de notre syst\u00e8me. Un enregistrement de ces donn\u00e9es avec d\u2019autres donn\u00e9es \u00e0 caract\u00e8re personnel de l\u2019utilisateur n\u2019a pas lieu.<\/p>\n<ol start=\"2\">\n<li><strong> Base juridique du traitement des donn\u00e9es<\/strong><\/li>\n<\/ol>\n<p>La base juridique pour un enregistrement temporaire des donn\u00e9es et des fichiers journaux est l\u2019article 6, paragraphe 1, point f) du RGPD.<\/p>\n<ol start=\"3\">\n<li><strong> Finalit\u00e9 du traitement des donn\u00e9es<\/strong><\/li>\n<\/ol>\n<p>L\u2019enregistrement temporaire de l\u2019adresse IP par le syst\u00e8me est n\u00e9cessaire pour permettre la mise \u00e0 disposition du site internet sur l\u2019ordinateur de l\u2019utilisateur. Pour cela, l\u2019adresse IP de l\u2019utilisateur doit \u00eatre enregistr\u00e9e pour la dur\u00e9e de la session.<\/p>\n<p>L\u2019enregistrement dans des fichiers journaux est effectu\u00e9 pour assurer le bon fonctionnement du site internet. En outre, les donn\u00e9es nous servent \u00e0 optimiser le site web et \u00e0 garantir la s\u00e9curit\u00e9 de nos syst\u00e8mes informatiques. Une analyse des donn\u00e9es \u00e0 des fins de marketing n\u2019a pas lieu dans ce cadre.<\/p>\n<p>Le traitement des donn\u00e9es est aussi effectu\u00e9 aux fins de notre int\u00e9r\u00eat l\u00e9gitime selon l\u2019article 6, paragraphe 1, point f) du RGPD.<\/p>\n<ol start=\"4\">\n<li><strong> Dur\u00e9e de l\u2019enregistrement<\/strong><\/li>\n<\/ol>\n<p>Les donn\u00e9es sont supprim\u00e9es d\u00e8s qu\u2019elles ne sont plus n\u00e9cessaires pour atteindre l\u2019objectif de leur collecte. En cas de collecte des donn\u00e9es pour la mise \u00e0 disposition du site internet, les donn\u00e9es sont supprim\u00e9es \u00e0 la fin de la session correspondante.<\/p>\n<p>Dans le cas o\u00f9 les donn\u00e9es sont enregistr\u00e9es dans des fichiers journaux, ceci a lieu au plus tard au bout de sept jours. Un enregistrement au-del\u00e0 de cette dur\u00e9e est possible. Dans ce cas, les adresses IP des utilisateurs sont supprim\u00e9es ou d\u00e9natur\u00e9es de fa\u00e7on \u00e0 emp\u00eacher toute association au client \u00e0 l\u2019origine de la consultation.<\/p>\n<ol start=\"5\">\n<li><strong> Possibilit\u00e9 d\u2019opposition et de suppression<\/strong><\/li>\n<\/ol>\n<p>La collecte des donn\u00e9es pour la mise \u00e0 disposition du site web et l\u2019enregistrement des donn\u00e9es dans des fichiers journaux sont absolument n\u00e9cessaires pour le bon fonctionnement du site internet. Par cons\u00e9quent, il n\u2019existe pas de possibilit\u00e9 d\u2019opposition de votre part.<\/p>\n<ol>\n<li><strong> Utilisation de cookies<\/strong><\/li>\n<li><strong>a) Description et \u00e9tendue du traitement des donn\u00e9es<\/strong><\/li>\n<\/ol>\n<p>Notre site web utilise des cookies. Les cookies sont des fichiers de texte qui sont enregistr\u00e9s dans le navigateur internet ou par le navigateur internet sur le syst\u00e8me informatique de l\u2019utilisateur. Si un utilisateur consulte un site web, un cookie peut \u00eatre enregistr\u00e9 sur le syst\u00e8me d\u2019exploitation de l\u2019utilisateur. Ce cookie contient une suite de signes caract\u00e9ristique qui permet une identification pr\u00e9cise du navigateur lorsque le site web est \u00e0 nouveau consult\u00e9.<\/p>\n<p>Nous utilisons des cookies n\u00e9cessaires d\u2019un point de vue technique afin de rendre notre site web plus convivial. Certains \u00e9l\u00e9ments de notre site web doivent pouvoir identifier le navigateur utilis\u00e9, m\u00eame apr\u00e8s avoir chang\u00e9 de page.<\/p>\n<p>Les donn\u00e9es suivantes sont enregistr\u00e9es dans les cookies et sont transmises\u00a0:<\/p>\n<ul>\n<li>param\u00e8tres de langue<\/li>\n<\/ul>\n<p>Sur notre site internet, nous utilisons \u00e9galement des cookies permettant une analyse du comportement de navigation des utilisateurs.<\/p>\n<p>De cette mani\u00e8re, les donn\u00e9es suivantes peuvent \u00eatre transmises\u00a0:<\/p>\n<ul>\n<li>mots-cl\u00e9s saisis<\/li>\n<\/ul>\n<p>Les donn\u00e9es des utilisateurs collect\u00e9es de cette mani\u00e8re sont rendues anonymes au moyen de mesures techniques. Par cons\u00e9quent, une association des donn\u00e9es \u00e0 l\u2019utilisateur qui consulte le site n\u2019est plus possible. Les donn\u00e9es ne sont pas enregistr\u00e9es ensemble avec d\u2019autres donn\u00e9es \u00e0 caract\u00e8re personnel des utilisateurs.<\/p>\n<p>Lors de la consultation de notre site web, l\u2019utilisateur est inform\u00e9 de l\u2019utilisation de cookies \u00e0 des fins d\u2019analyse et son consentement en vue du traitement des donn\u00e9es \u00e0 caract\u00e8re personnel utilis\u00e9es dans ce contexte lui est demand\u00e9. Dans ce contexte, il est \u00e9galement fait r\u00e9f\u00e9rence \u00e0 la pr\u00e9sente d\u00e9claration de protection des donn\u00e9es.<\/p>\n<ol>\n<li><strong>b) Base juridique du traitement des donn\u00e9es<\/strong><\/li>\n<\/ol>\n<p>La base juridique du traitement des donn\u00e9es \u00e0 caract\u00e8re personnel avec utilisation des cookies n\u00e9cessaires sur le plan technique est l\u2019article 6, paragraphe 1, point f) du RGPD.<\/p>\n<p>La base juridique du traitement des donn\u00e9es \u00e0 caract\u00e8re personnel avec utilisation de cookies \u00e0 des fins d\u2019analyse en pr\u00e9sence d\u2019un consentement de l\u2019utilisateur \u00e0 cet \u00e9gard est l\u2019article 6, paragraphe 1, point a) du RGPD.<\/p>\n<ol>\n<li><strong>c) Finalit\u00e9 du traitement des donn\u00e9es<\/strong><\/li>\n<\/ol>\n<p>La finalit\u00e9 de l\u2019utilisation de cookies n\u00e9cessaires d\u2019un point de vue technique est de simplifier l\u2019utilisation de sites web pour vous. Certaines fonctions de notre site internet ne peuvent pas \u00eatre propos\u00e9es sans l\u2019utilisation de cookies. Pour ces fonctions, il est n\u00e9cessaire que le navigateur puisse aussi \u00eatre reconnu apr\u00e8s un changement de page.<\/p>\n<p>Les donn\u00e9es d\u2019utilisateur collect\u00e9es par des cookies n\u00e9cessaires d\u2019un point de vue technique ne sont pas utilis\u00e9es pour cr\u00e9er des profils d\u2019utilisateur.<\/p>\n<p>Les cookies d\u2019analyse sont utilis\u00e9s dans le but d\u2019am\u00e9liorer la qualit\u00e9 de notre site web et ses contenus. Les cookies d\u2019analyse nous permettent de voir comment le site web est utilis\u00e9 et ainsi d\u2019optimiser notre offre en continu.<\/p>\n<p>Le traitement des donn\u00e9es \u00e0 caract\u00e8re personnel est aussi effectu\u00e9 aux fins de notre int\u00e9r\u00eat l\u00e9gitime selon l\u2019article 6, paragraphe 1, point f) du RGPD.<\/p>\n<ol>\n<li><strong>d) Dur\u00e9e de l\u2019enregistrement, possibilit\u00e9 d\u2019opposition et de suppression<\/strong><\/li>\n<\/ol>\n<p>Les cookies sont enregistr\u00e9s sur l\u2019ordinateur de l\u2019utilisateur et sont transmis \u00e0 notre site \u00e0 partir de l\u2019ordinateur en question. En tant qu\u2019utilisateur, vous avez donc la ma\u00eetrise totale de l\u2019utilisation des cookies. En modifiant les param\u00e8tres de votre navigateur, vous pouvez d\u00e9sactiver ou limiter la transmission de cookies. Les cookies d\u00e9j\u00e0 enregistr\u00e9s peuvent \u00eatre supprim\u00e9s \u00e0 tout moment. Cela peut aussi se faire automatiquement. Si vous d\u00e9sactivez les cookies pour notre site web, vous ne pourrez \u00e9ventuellement plus utiliser toutes les fonctions du site web dans leur int\u00e9gralit\u00e9.<\/p>\n<ol>\n<li><strong> Contact par e-mail<\/strong><\/li>\n<li><strong>Description et \u00e9tendue du traitement des donn\u00e9es<\/strong><\/li>\n<\/ol>\n<p>Sur notre site internet, l\u2019adresse e-mail mise \u00e0 disposition permet une prise de contact. Dans ce cas, les donn\u00e9es \u00e0 caract\u00e8re personnel transmises avec l\u2019e-mail sont enregistr\u00e9es.<\/p>\n<p>Aucune transmission de donn\u00e9es \u00e0 des tiers n\u2019a lieu dans ce cadre. Les donn\u00e9es sont uniquement utilis\u00e9es pour traiter la conversation.<\/p>\n<ol start=\"2\">\n<li><strong> Base juridique du traitement des donn\u00e9es<\/strong><\/li>\n<\/ol>\n<p>La base juridique pour le traitement des donn\u00e9es transmises dans le cadre de l\u2019envoi d\u2019un e-mail est l\u2019article 6, paragraphe 1, point f) du RGPD. Si l\u2019objet du contact par e-mail est la conclusion d\u2019un contrat, la base juridique suppl\u00e9mentaire pour le traitement est l\u2019article 6, paragraphe 1, point b) du RGPD.<\/p>\n<ol start=\"3\">\n<li><strong> Finalit\u00e9 du traitement des donn\u00e9es<\/strong><\/li>\n<\/ol>\n<p>En cas de prise de contact par e-mail, il existe \u00e9galement un int\u00e9r\u00eat l\u00e9gitime n\u00e9cessaire concernant le traitement des donn\u00e9es.<\/p>\n<p>Les autres donn\u00e9es \u00e0 caract\u00e8re personnel trait\u00e9es durant l\u2019op\u00e9ration d\u2019envoi du message servent \u00e0 emp\u00eacher une utilisation abusive du formulaire de contact et \u00e0 assurer la s\u00e9curit\u00e9 de nos syst\u00e8mes informatiques.<\/p>\n<ol start=\"4\">\n<li><strong> Dur\u00e9e de l\u2019enregistrement<\/strong><\/li>\n<\/ol>\n<p>Les donn\u00e9es sont supprim\u00e9es d\u00e8s qu\u2019elles ne sont plus n\u00e9cessaires pour atteindre l\u2019objectif de leur collecte. Pour les donn\u00e9es \u00e0 caract\u00e8re personnel issues du masque de saisie du formulaire de contact et celles qui ont \u00e9t\u00e9 envoy\u00e9es par e-mail, les donn\u00e9es sont supprim\u00e9es lorsque la conversation respective avec vous est termin\u00e9e. La conversation est termin\u00e9e lorsque les circonstances indiquent que les faits concern\u00e9s ont \u00e9t\u00e9 enti\u00e8rement clarifi\u00e9s.<\/p>\n<p>Les donn\u00e9es \u00e0 caract\u00e8re personnel collect\u00e9es en plus durant la proc\u00e9dure d\u2019envoi sont supprim\u00e9es au plus tard apr\u00e8s un d\u00e9lai de sept jours.<\/p>\n<ol start=\"5\">\n<li><strong> Possibilit\u00e9 d\u2019opposition et de suppression<\/strong><\/li>\n<\/ol>\n<p>Vous avez \u00e0 tout moment la possibilit\u00e9 de retirer votre consentement au traitement des donn\u00e9es \u00e0 caract\u00e8re personnel. Si vous prenez contact avec nous par e-mail, vous pouvez vous opposer \u00e0 tout moment \u00e0 l\u2019enregistrement de vos donn\u00e9es \u00e0 caract\u00e8re personnel. Dans un tel cas, la conversation ne peut pas \u00eatre poursuivie. Dans ce cas, toutes les donn\u00e9es \u00e0 caract\u00e8re personnel enregistr\u00e9es suite \u00e0 la prise de contact sont supprim\u00e9es.<\/p>\n<p><strong>VII.\u00a0\u00a0\u00a0\u00a0\u00a0\u00a0\u00a0\u00a0 Newsletter<\/strong><\/p>\n<ol>\n<li><strong>Description et \u00e9tendue du traitement des donn\u00e9es<\/strong><\/li>\n<\/ol>\n<p>Sur notre site internet, il est possible de s\u2019abonner \u00e0 une newsletter gratuite. Lors de l\u2019inscription \u00e0 la newsletter, les donn\u00e9es issues du masque de saisie nous sont transmises.<\/p>\n<p>Votre adresse e-mail, votre pr\u00e9nom et nom de famille, l\u2019entreprise pour laquelle vous travaillez et les donn\u00e9es concernant la langue et la provenance sont transmis.<\/p>\n<p>De plus, les donn\u00e9es suivantes sont collect\u00e9es\u00a0:<\/p>\n<ul>\n<li>adresse IP de l\u2019ordinateur \u00e0 l\u2019origine de la consultation<\/li>\n<li>date et heure de l\u2019enregistrement<\/li>\n<li>informations sur l\u2019appareil, syst\u00e8me d\u2019exploitation<\/li>\n<li>identifiant du navigateur<\/li>\n<li>informations sur l\u2019application que vous utilisez pour lire vos e-mails<\/li>\n<\/ul>\n<p>Pour le traitement des donn\u00e9es, votre consentement est demand\u00e9 et il est fait r\u00e9f\u00e9rence \u00e0 la pr\u00e9sente d\u00e9claration de protection des donn\u00e9es dans le cadre de la proc\u00e9dure d\u2019inscription.<\/p>\n<p>&nbsp;<\/p>\n<p>Pour l\u2019envoi de notre newsletter, nous utilisons Mailchimp de la soci\u00e9t\u00e9 The Rocket Science Group, LLC, 675 Ponce de Leon Ave NE Suite 5000, Atlanta, GA 30308, \u00c9tats-Unis (Mailchimp). Cela nous permet d\u2019entrer directement en contact avec les abonn\u00e9s. De plus, nous analysons votre comportement en tant qu\u2019utilisateur afin d\u2019optimiser notre offre. Pour ce faire, nous transmettons les donn\u00e9es susmentionn\u00e9es \u00e0 Mailchimp.<\/p>\n<p>Mailchimp est le destinataire de vos donn\u00e9es \u00e0 caract\u00e8re personnel et travaille pour nous en qualit\u00e9 de sous-traitant s\u2019agissant de l\u2019envoi de notre newsletter.<\/p>\n<p>Mailchimp a besoin de ces donn\u00e9es pour garantir la s\u00e9curit\u00e9 et la fiabilit\u00e9 des syst\u00e8mes, le respect des conditions d\u2019utilisation et pr\u00e9venir toute utilisation abusive. En outre, Mailchimp analyse des donn\u00e9es de performance telles que les statistiques d\u2019exp\u00e9dition d\u2019e-mails et d\u2019autres donn\u00e9es de communication. Ces informations sont utilis\u00e9es pour cr\u00e9er des statistiques d\u2019utilisation et de performance des services.<\/p>\n<p>Mailchimp collecte en plus des informations vous concernant \u00e0 partir d\u2019autres sources. Sur une p\u00e9riode et dans une \u00e9tendue non d\u00e9finie de mani\u00e8re pr\u00e9cise, des donn\u00e9es \u00e0 caract\u00e8re personnel sont collect\u00e9es via des r\u00e9seaux sociaux et d\u2019autres fournisseurs tiers de donn\u00e9es. Nous n\u2019avons aucune influence sur ce processus.<\/p>\n<ol start=\"2\">\n<li><strong>Base juridique du traitement des donn\u00e9es<\/strong><\/li>\n<\/ol>\n<p>La base juridique du traitement des donn\u00e9es apr\u00e8s l\u2019inscription \u00e0 la newsletter par l\u2019utilisateur est l\u2019article 6, paragraphe 1, point c) du RGPD lorsque l\u2019utilisateur a donn\u00e9 son consentement.<\/p>\n<ol start=\"3\">\n<li><strong>Finalit\u00e9 du traitement des donn\u00e9es<\/strong><\/li>\n<\/ol>\n<p>La collecte de l\u2019adresse e-mail de l\u2019utilisateur sert \u00e0 l\u2019envoi de la newsletter.<\/p>\n<p>La collecte d\u2019autres donn\u00e9es \u00e0 caract\u00e8re personnel dans le cadre de la proc\u00e9dure d\u2019inscription sert \u00e0 pr\u00e9venir toute utilisation abusive des services ou de l\u2019adresse e-mail utilis\u00e9e.<\/p>\n<ol start=\"4\">\n<li><strong>Dur\u00e9e de l\u2019enregistrement<\/strong><\/li>\n<\/ol>\n<p>Les donn\u00e9es sont supprim\u00e9es d\u00e8s qu\u2019elles ne sont plus n\u00e9cessaires pour atteindre l\u2019objectif de leur collecte. L\u2019adresse e-mail de l\u2019utilisateur est par cons\u00e9quent enregistr\u00e9e tant que l\u2019abonnement \u00e0 la newsletter est actif.<\/p>\n<p>Les autres donn\u00e9es \u00e0 caract\u00e8re personnel collect\u00e9es dans le cadre de la proc\u00e9dure d\u2019inscription sont supprim\u00e9es en r\u00e8gle g\u00e9n\u00e9rale apr\u00e8s un d\u00e9lai de sept jours.<\/p>\n<ol start=\"5\">\n<li><strong>Possibilit\u00e9 d\u2019opposition et de suppression<\/strong><\/li>\n<\/ol>\n<p>Vous pouvez \u00e0 tout moment r\u00e9silier votre abonnement \u00e0 la newsletter. Pour ce faire, vous trouverez un lien correspondant dans chaque newsletter. Ceci permet \u00e9galement un retrait du consentement \u00e0 l\u2019enregistrement des donn\u00e9es \u00e0 caract\u00e8re personnel collect\u00e9es pendant la proc\u00e9dure d\u2019inscription.<\/p>\n<p><strong>VIII.\u00a0\u00a0\u00a0\u00a0\u00a0\u00a0\u00a0 Enregistrement<\/strong><\/p>\n<ol>\n<li><strong>Description et \u00e9tendue du traitement des donn\u00e9es<\/strong><\/li>\n<\/ol>\n<p>Sur notre site internet, nous vous donnons la possibilit\u00e9 de vous enregistrer en indiquant vos donn\u00e9es \u00e0 caract\u00e8re personnel. Les donn\u00e9es sont saisies dans un masque de saisie. Elles nous sont transmises et nous les enregistrons. Les donn\u00e9es ne sont pas transmises \u00e0 des tiers. Les donn\u00e9es suivantes sont collect\u00e9es dans le cadre du processus d\u2019enregistrement\u00a0:<\/p>\n<p>pr\u00e9nom, nom, adresse e-mail, mot de passe et num\u00e9ro client.<\/p>\n<p>&nbsp;<\/p>\n<p>Au moment de l\u2019enregistrement, les donn\u00e9es suivantes sont aussi enregistr\u00e9es\u00a0:<\/p>\n<p>(1) \u00a0\u00a0 adresse IP de l\u2019utilisateur<\/p>\n<p>(2) \u00a0\u00a0 date et heure de l\u2019enregistrement<\/p>\n<p>Dans le cadre du processus d\u2019enregistrement, un consentement au traitement de ces donn\u00e9es est demand\u00e9 \u00e0 l\u2019utilisateur.<\/p>\n<ol start=\"2\">\n<li><strong>Base juridique du traitement des donn\u00e9es<\/strong><\/li>\n<\/ol>\n<p>La base juridique du traitement des donn\u00e9es est l\u2019article 6, paragraphe 1, point a) du RGPD lorsque l\u2019utilisateur a donn\u00e9 son consentement.<\/p>\n<ol start=\"3\">\n<li><strong>Finalit\u00e9 du traitement des donn\u00e9es<\/strong><\/li>\n<\/ol>\n<p>Un enregistrement de l\u2019utilisateur est n\u00e9cessaire pour la mise \u00e0 disposition de certains contenus et services sur notre site web.<\/p>\n<ol start=\"4\">\n<li><strong>Dur\u00e9e de l\u2019enregistrement<\/strong><\/li>\n<\/ol>\n<p>Les donn\u00e9es sont supprim\u00e9es d\u00e8s qu\u2019elles ne sont plus n\u00e9cessaires pour atteindre l\u2019objectif de leur collecte.<\/p>\n<p>Cela est le cas pour les donn\u00e9es collect\u00e9es pendant la proc\u00e9dure d\u2019enregistrement lorsque l\u2019enregistrement est annul\u00e9 ou modifi\u00e9 sur notre site internet ou pour celles collect\u00e9es pendant la proc\u00e9dure d\u2019enregistrement en vue de l\u2019ex\u00e9cution d\u2019un contrat ou pour la mise en \u0153uvre de mesures pr\u00e9contractuelles, lorsque les donn\u00e9es ne sont plus n\u00e9cessaires pour la r\u00e9alisation du contrat. Apr\u00e8s la conclusion du contrat aussi, il peut \u00eatre n\u00e9cessaire d\u2019enregistrer des donn\u00e9es \u00e0 caract\u00e8re personnel du cocontractant afin de remplir des obligations contractuelles ou l\u00e9gales.<\/p>\n<ol start=\"5\">\n<li><strong>Possibilit\u00e9 d\u2019opposition et de suppression<\/strong><\/li>\n<\/ol>\n<p>En tant qu\u2019utilisateur, vous avez \u00e0 tout moment la possibilit\u00e9 de mettre un terme \u00e0 l\u2019enregistrement. Vous pouvez modifier \u00e0 tout moment les donn\u00e9es enregistr\u00e9es vous concernant.<\/p>\n<ol>\n<li><strong> Droits de la personne concern\u00e9e<\/strong><\/li>\n<\/ol>\n<p>Si des donn\u00e9es \u00e0 caract\u00e8re personnel vous concernant sont trait\u00e9es, vous \u00eates la personne concern\u00e9e conform\u00e9ment au RGPD et vous avez les droits suivants vis-\u00e0-vis du responsable du traitement\u00a0:<\/p>\n<ol>\n<li><strong> Droit d\u2019acc\u00e8s<\/strong><\/li>\n<\/ol>\n<p>Vous pouvez nous demander de confirmer si nous traitons des donn\u00e9es \u00e0 caract\u00e8re personnel vous concernant.<\/p>\n<p>Si un tel traitement est r\u00e9alis\u00e9, vous pouvez nous demander les informations suivantes\u00a0:<\/p>\n<ul>\n<li>les finalit\u00e9s du traitement des donn\u00e9es \u00e0 caract\u00e8re personnel\u00a0;<\/li>\n<li>les cat\u00e9gories de donn\u00e9es \u00e0 caract\u00e8re personnel trait\u00e9es\u00a0;<\/li>\n<li>les destinataires ou cat\u00e9gories de destinataires auxquels les donn\u00e9es \u00e0 caract\u00e8re personnel vous concernant ont \u00e9t\u00e9 ou seront communiqu\u00e9es\u00a0;<\/li>\n<li>la dur\u00e9e de conservation pr\u00e9vue des donn\u00e9es \u00e0 caract\u00e8re personnel vous concernant ou, lorsque ce n\u2019est pas possible, les crit\u00e8res utilis\u00e9s pour d\u00e9terminer cette dur\u00e9e\u00a0;<\/li>\n<li>l\u2019existence du droit de demander au responsable du traitement la rectification ou l\u2019effacement de donn\u00e9es \u00e0 caract\u00e8re personnel vous concernant, ou une limitation du traitement, ou du droit de s\u2019opposer \u00e0 ce traitement\u00a0;<\/li>\n<li>l\u2019existence du droit d\u2019introduire une r\u00e9clamation aupr\u00e8s d\u2019une autorit\u00e9 de contr\u00f4le\u00a0;<\/li>\n<li>toutes les informations disponibles quant \u00e0 la source des donn\u00e9es lorsque les donn\u00e9es \u00e0 caract\u00e8re personnel ne sont pas collect\u00e9es aupr\u00e8s de la personne concern\u00e9e\u00a0;<\/li>\n<li>l\u2019existence d\u2019une prise de d\u00e9cision automatis\u00e9e, y compris un profilage, vis\u00e9e \u00e0 l\u2019article 22, paragraphes 1 et 4 du RGPD, et, au moins en pareils cas, des informations utiles concernant la logique sous-jacente, ainsi que l\u2019importance et les cons\u00e9quences pr\u00e9vues de ce traitement pour la personne concern\u00e9e.<\/li>\n<\/ul>\n<p>Vous avez le droit de demander si les donn\u00e9es \u00e0 caract\u00e8re personnel vous concernant ont \u00e9t\u00e9 transf\u00e9r\u00e9es dans un pays tiers ou \u00e0 une organisation internationale. Vous pouvez demander \u00e0 \u00eatre inform\u00e9\u00b7e des garanties appropri\u00e9es en vertu de l\u2019art. 46 du RGPD en rapport avec ce transfert.<\/p>\n<ol start=\"2\">\n<li><strong> Droit de rectification<\/strong><\/li>\n<\/ol>\n<p>Si les donn\u00e9es \u00e0 caract\u00e8re personnel trait\u00e9es sont inexactes ou incompl\u00e8tes, vous avez le droit de nous demander de les rectifier et\/ou de les compl\u00e9ter. Nous sommes tenus d\u2019effectuer la rectification dans les meilleurs d\u00e9lais.<\/p>\n<ol start=\"3\">\n<li><strong> Droit \u00e0 la limitation du traitement<\/strong><\/li>\n<\/ol>\n<p>Dans les conditions suivantes, vous pouvez demander la limitation du traitement des donn\u00e9es \u00e0 caract\u00e8re personnel vous concernant\u00a0:<\/p>\n<ul>\n<li>si vous contestez l\u2019exactitude des donn\u00e9es \u00e0 caract\u00e8re personnel vous concernant pendant une dur\u00e9e nous permettant de v\u00e9rifier l\u2019exactitude des donn\u00e9es \u00e0 caract\u00e8re personnel\u00a0;<\/li>\n<li>le traitement est illicite et vous vous opposez \u00e0 l\u2019effacement des donn\u00e9es \u00e0 caract\u00e8re personnel et exigez \u00e0 la place la limitation de leur utilisation\u00a0;<\/li>\n<li>nous n\u2019avons plus besoin des donn\u00e9es \u00e0 caract\u00e8re personnel aux fins du traitement mais vous en avez encore besoin pour la constatation, l\u2019exercice ou la d\u00e9fense de droits en justice, ou<\/li>\n<li>vous vous \u00eates oppos\u00e9 au traitement en vertu de l\u2019article 21, paragraphe 1 du RGPD et il n\u2019est pas encore \u00e9tabli si nos motifs l\u00e9gitimes pr\u00e9valent sur vos motifs.<\/li>\n<\/ul>\n<p>Si le traitement des donn\u00e9es \u00e0 caract\u00e8re personnel vous concernant a \u00e9t\u00e9 limit\u00e9, ces donn\u00e9es \u2013 mise \u00e0 part leur enregistrement \u2013 peuvent seulement \u00eatre trait\u00e9es avec votre consentement ou pour la constatation, l\u2019exercice ou la d\u00e9fense de droits en justice ou pour prot\u00e9ger les droits d\u2019une autre personne physique ou morale ou encore pour des motifs importants d\u2019int\u00e9r\u00eat public de l\u2019Union ou d\u2019un \u00c9tat membre.<\/p>\n<p>Si la limitation du traitement a \u00e9t\u00e9 obtenue en vertu des conditions susmentionn\u00e9es, vous serez inform\u00e9\u00b7e en cons\u00e9quence avant que la limitation du traitement ne soit lev\u00e9e.<\/p>\n<ol start=\"4\">\n<li><strong> Droit \u00e0 l\u2019effacement<\/strong><\/li>\n<li><strong>a) Obligation d\u2019effacement<\/strong><\/li>\n<\/ol>\n<p>Vous avez le droit de nous demander d\u2019effacer les donn\u00e9es \u00e0 caract\u00e8re personnel vous concernant dans les meilleurs d\u00e9lais, et nous avons l\u2019obligation d\u2019effacer ces donn\u00e9es dans les meilleurs d\u00e9lais, lorsque l\u2019un des motifs suivants s\u2019applique\u00a0:<\/p>\n<ul>\n<li>Les donn\u00e9es \u00e0 caract\u00e8re personnel vous concernant ne sont plus n\u00e9cessaires au regard des finalit\u00e9s pour lesquelles elles ont \u00e9t\u00e9 collect\u00e9es ou trait\u00e9es d\u2019une autre mani\u00e8re.<\/li>\n<li>Vous retirez votre consentement sur lequel est fond\u00e9 le traitement, conform\u00e9ment \u00e0 l\u2019article 6, paragraphe 1, point a), ou \u00e0 l\u2019article 9, paragraphe 2, point a) du RGPD, et il n\u2019existe pas d\u2019autre fondement juridique au traitement.<\/li>\n<li>Vous vous opposez au traitement en vertu de l\u2019article 21, paragraphe 1 du RGPD et il n\u2019existe pas de motif l\u00e9gitime imp\u00e9rieux pour le traitement ou vous vous opposez au traitement en vertu de l\u2019article 21, paragraphe 2 du RGPD.<\/li>\n<li>Les donn\u00e9es \u00e0 caract\u00e8re personnel vous concernant ont fait l\u2019objet d\u2019un traitement illicite.<\/li>\n<li>Les donn\u00e9es \u00e0 caract\u00e8re personnel vous concernant doivent \u00eatre effac\u00e9es pour respecter une obligation l\u00e9gale qui est pr\u00e9vue par le droit de l\u2019Union ou par le droit de l\u2019\u00c9tat membre auquel nous sommes soumis.<\/li>\n<li>Les donn\u00e9es \u00e0 caract\u00e8re personnel vous concernant ont \u00e9t\u00e9 collect\u00e9es dans le cadre de l\u2019offre de services de la soci\u00e9t\u00e9 de l\u2019information vis\u00e9e \u00e0 l\u2019article 8, paragraphe 1 du RGPD.<\/li>\n<\/ul>\n<p><strong>b) Information \u00e0 des tiers<\/strong><\/p>\n<p>Si nous avons rendu publiques les donn\u00e9es \u00e0 caract\u00e8re personnel vous concernant et que nous sommes tenus de les effacer en vertu de l\u2019article 17, paragraphe 1 du RGPD, compte tenu des technologies disponibles et des co\u00fbts de mise en \u0153uvre, nous prenons des mesures raisonnables, y compris d\u2019ordre technique, pour informer les responsables du traitement qui traitent ces donn\u00e9es \u00e0 caract\u00e8re personnel pour lesquelles vous avez demand\u00e9, en tant que personne concern\u00e9e, l\u2019effacement de tout lien vers ces donn\u00e9es \u00e0 caract\u00e8re personnel, ou de toute copie ou reproduction de celles-ci.<\/p>\n<p><strong>c) Exceptions<\/strong><\/p>\n<p>Le droit \u00e0 l\u2019effacement ne s\u2019applique pas dans la mesure o\u00f9 ce traitement est n\u00e9cessaire\u00a0:<\/p>\n<ul>\n<li>\u00e0 l\u2019exercice du droit \u00e0 la libert\u00e9 d\u2019expression et d\u2019information\u00a0;<\/li>\n<li>pour respecter une obligation l\u00e9gale qui requiert le traitement pr\u00e9vu par le droit de l\u2019Union ou par le droit de l\u2019\u00c9tat membre auquel nous sommes soumis, ou pour ex\u00e9cuter une mission d\u2019int\u00e9r\u00eat public ou relevant de l\u2019exercice de l\u2019autorit\u00e9 publique dont nous sommes investis\u00a0;<\/li>\n<li>pour des motifs d\u2019int\u00e9r\u00eat public dans le domaine de la sant\u00e9 publique, conform\u00e9ment \u00e0 l\u2019article 9, paragraphe 2, points h) et i), ainsi qu\u2019\u00e0 l\u2019article 9, paragraphe 3 du RGPD\u00a0;<\/li>\n<li>\u00e0 des fins archivistiques dans l\u2019int\u00e9r\u00eat public, \u00e0 des fins de recherche scientifique ou historique ou \u00e0 des fins statistiques conform\u00e9ment \u00e0 l\u2019article 89, paragraphe 1 du RGPD, dans la mesure o\u00f9 le droit vis\u00e9 au point a) est susceptible de rendre impossible ou de compromettre gravement la r\u00e9alisation des objectifs dudit traitement ; ou<\/li>\n<li>\u00e0 la constatation, \u00e0 l\u2019exercice ou \u00e0 la d\u00e9fense de droits en justice.<\/li>\n<\/ul>\n<p>&nbsp;<\/p>\n<ol start=\"5\">\n<li><strong> Droit \u00e0 l\u2019information<\/strong><\/li>\n<\/ol>\n<p>Si vous avez fait valoir votre droit de rectification, d\u2019effacement ou de limitation du traitement vis-\u00e0-vis de nous, nous avons l\u2019obligation de notifier \u00e0 chaque destinataire auquel les donn\u00e9es \u00e0 caract\u00e8re personnel vous concernant ont \u00e9t\u00e9 communiqu\u00e9es toute rectification ou tout effacement de donn\u00e9es \u00e0 caract\u00e8re personnel ou toute limitation du traitement, \u00e0 moins qu\u2019une telle communication se r\u00e9v\u00e8le impossible ou exige des efforts disproportionn\u00e9s.<\/p>\n<p>Vous avez le droit d\u2019obtenir des informations sur ces destinataires.<\/p>\n<ol start=\"6\">\n<li><strong> Droit \u00e0 la portabilit\u00e9 des donn\u00e9es<\/strong><\/li>\n<\/ol>\n<p>Vous avez le droit de recevoir les donn\u00e9es \u00e0 caract\u00e8re personnel vous concernant que vous nous avez fournies, dans un format structur\u00e9, couramment utilis\u00e9 et lisible par machine. De plus, vous avez le droit de transmettre ces donn\u00e9es \u00e0 un autre responsable du traitement sans que le responsable du traitement auquel les donn\u00e9es \u00e0 caract\u00e8re personnel ont \u00e9t\u00e9 communiqu\u00e9es y fasse obstacle, lorsque\u00a0:<\/p>\n<ul>\n<li>le traitement est fond\u00e9 sur le consentement en application de l\u2019article 6, paragraphe 1, point a) du RGPD, ou de l\u2019article 9, paragraphe 2, point a) du RGPD, ou sur un contrat en application de l\u2019article 6, paragraphe 1, point b) du RGPD et<\/li>\n<li>le traitement est effectu\u00e9 \u00e0 l\u2019aide de proc\u00e9d\u00e9s automatis\u00e9s.<\/li>\n<\/ul>\n<p>Lorsque vous exercez le droit \u00e0 la portabilit\u00e9 des donn\u00e9es, vous avez \u00e9galement le droit d\u2019obtenir que les donn\u00e9es \u00e0 caract\u00e8re personnel vous concernant soient transmises directement d\u2019un responsable du traitement \u00e0 un autre, lorsque cela est techniquement possible. Ce droit ne porte pas atteinte aux droits et libert\u00e9s de tiers.<\/p>\n<ol start=\"7\">\n<li><strong> Droit d\u2019opposition<\/strong><\/li>\n<\/ol>\n<p>Vous avez le droit de vous opposer \u00e0 tout moment, pour des raisons tenant \u00e0 votre situation particuli\u00e8re, \u00e0 un traitement des donn\u00e9es \u00e0 caract\u00e8re personnel vous concernant fond\u00e9 sur l\u2019article 6, paragraphe 1, point e) ou f) du RGPD, y compris un profilage fond\u00e9 sur ces dispositions.<\/p>\n<p>Nous ne traitons plus les donn\u00e9es \u00e0 caract\u00e8re personnel vous concernant, \u00e0 moins que nous ne d\u00e9montrions qu\u2019il existe des motifs l\u00e9gitimes et imp\u00e9rieux pour le traitement qui pr\u00e9valent sur vos int\u00e9r\u00eats, droits et libert\u00e9s, ou pour la constatation, l\u2019exercice ou la d\u00e9fense de droits en justice.<\/p>\n<p>Lorsque les donn\u00e9es \u00e0 caract\u00e8re personnel vous concernant sont trait\u00e9es \u00e0 des fins de prospection, vous avez le droit de vous opposer \u00e0 tout moment au traitement des donn\u00e9es \u00e0 caract\u00e8re personnel vous concernant \u00e0 de telles fins de prospection, y compris au profilage dans la mesure o\u00f9 il est li\u00e9 \u00e0 une telle prospection.<\/p>\n<p>Lorsque vous vous opposez au traitement \u00e0 des fins de prospection, les donn\u00e9es \u00e0 caract\u00e8re personnel vous concernant ne sont plus trait\u00e9es \u00e0 ces fins.<\/p>\n<p>Dans le cadre de l\u2019utilisation de services de la soci\u00e9t\u00e9 de l\u2019information, et nonobstant la directive 2002\/58\/CE, vous pouvez exercer votre droit d\u2019opposition \u00e0 l\u2019aide de proc\u00e9d\u00e9s automatis\u00e9s utilisant des sp\u00e9cifications techniques.<\/p>\n<ol start=\"8\">\n<li><strong> Droit au retrait du consentement relatif \u00e0 la protection des donn\u00e9es <\/strong><\/li>\n<\/ol>\n<p>Vous avez le droit de retirer votre consentement en mati\u00e8re de protection des donn\u00e9es \u00e0 tout moment. De par le retrait du consentement, la lic\u00e9it\u00e9 du traitement fond\u00e9 sur le consentement effectu\u00e9 avant ce retrait n\u2019est pas compromise.<\/p>\n<ol start=\"9\">\n<li><strong> Droit d\u2019introduire une r\u00e9clamation aupr\u00e8s d\u2019une autorit\u00e9 de contr\u00f4le<\/strong><\/li>\n<\/ol>\n<p>Sans pr\u00e9judice de tout autre recours administratif ou juridictionnel, vous avez le droit d\u2019introduire une r\u00e9clamation aupr\u00e8s d\u2019une autorit\u00e9 de contr\u00f4le, en particulier dans l\u2019\u00c9tat membre dans lequel se trouve votre r\u00e9sidence habituelle, votre lieu de travail ou le lieu o\u00f9 la violation aurait \u00e9t\u00e9 commise, si vous consid\u00e9rez que le traitement de donn\u00e9es \u00e0 caract\u00e8re personnel vous concernant constitue une violation au RGPD.<\/p>\n<p>L\u2019autorit\u00e9 de contr\u00f4le aupr\u00e8s de laquelle la r\u00e9clamation a \u00e9t\u00e9 introduite informe l\u2019auteur de la r\u00e9clamation de l\u2019\u00e9tat d\u2019avancement et de l\u2019issue de la r\u00e9clamation, y compris de la possibilit\u00e9 d\u2019un recours juridictionnel en vertu de l\u2019article 78 du RGPD.<\/p>\n<ol>\n<li><strong> Informations sur la protection des donn\u00e9es pour les outils de fournisseurs tiers et les plugins<\/strong><\/li>\n<\/ol>\n<p>La plupart des services utilis\u00e9s sur notre site web des fournisseurs tiers d\u00e9crits ci-apr\u00e8s ont leur si\u00e8ge aux \u00c9tats-Unis.<\/p>\n<p>Nous vous signalons que selon l\u2019opinion d\u00e9fendue jusqu\u2019\u00e0 pr\u00e9sent par la Cour de Justice de l\u2019Union europ\u00e9enne, il n\u2019existe pas un niveau ad\u00e9quat de protection pour le transfert de donn\u00e9es aux \u00c9tats-Unis, apr\u00e8s que la d\u00e9cision de la Commission europ\u00e9enne constatant le caract\u00e8re ad\u00e9quat, validant le Privacy Shield, a \u00e9t\u00e9 annul\u00e9e par la Cour de Justice de l\u2019Union europ\u00e9enne.<\/p>\n<p>En juillet 2023, la Commission europ\u00e9enne a adopt\u00e9 une nouvelle d\u00e9cision d\u2019ad\u00e9quation.<\/p>\n<p>Il y est constat\u00e9 que les \u00c9tats-Unis garantissent un niveau de protection ad\u00e9quat, \u00e9quivalent \u00e0 celui de l\u2019Union europ\u00e9enne, pour les donn\u00e9es \u00e0 caract\u00e8re personnel qui ont \u00e9t\u00e9 transf\u00e9r\u00e9es dans le nouveau cadre \u00e0 partir de l\u2019Union europ\u00e9enne \u00e0 des entreprises am\u00e9ricaines. Les entreprises am\u00e9ricaines peuvent s\u2019aligner au Cadre de protection des donn\u00e9es UE &#8211; \u00c9tats-Unis en s\u2019engageant \u00e0 respecter les obligations d\u00e9taill\u00e9es de protection des donn\u00e9es, dont par exemple les obligations de supprimer les donn\u00e9es \u00e0 caract\u00e8re personnel, si elles ne sont plus n\u00e9cessaires pour la finalit\u00e9 \u00e0 laquelle elles ont \u00e9t\u00e9 collect\u00e9es, et de garantir la continuit\u00e9 de la protection, si des donn\u00e9es \u00e0 caract\u00e8re personnel ont \u00e9t\u00e9 transf\u00e9r\u00e9es \u00e0 des tiers.<\/p>\n<p>En tant que fondement du traitement des donn\u00e9es chez les destinataires dont le si\u00e8ge est dans des pays tiers (en dehors de l\u2019Union europ\u00e9enne, Islande, Liechtenstein, Norv\u00e8ge) ou d\u2019un transfert de donn\u00e9es dans ces pays, les fournisseurs tiers auxquels nous avons recours utilisent des clauses contractuelles types autoris\u00e9es par la Commission europ\u00e9enne (article 46, paragraphe 2 et 3 du RGPD). Ces clauses obligent les entreprises \u00e0 respecter le niveau de protection des donn\u00e9es de l\u2019Union europ\u00e9enne lors du traitement de donn\u00e9es pertinentes, \u00e9galement en dehors de l\u2019Union europ\u00e9enne. \u00c0 leur tour, ces clauses se basent sur une d\u00e9cision d\u2019ex\u00e9cution de la Commission europ\u00e9enne.<\/p>\n<p>Si vous ne voulez pas de cookies de mani\u00e8re g\u00e9n\u00e9rale, vous pouvez param\u00e9trer votre navigateur de mani\u00e8re \u00e0 ce qu\u2019il vous informe toujours si un cookie doit \u00eatre plac\u00e9. Vous pouvez alors d\u00e9cider pour chaque cookie si vous l\u2019autorisez ou non.<\/p>\n<p>&nbsp;<\/p>\n<ol>\n<li><strong>Google Analytics<\/strong><\/li>\n<\/ol>\n<p>Notre site web utilise le service de suivi de l\u2019entreprise am\u00e9ricaine Google Inc. L\u2019entreprise Google Ireland Limited est responsable de tous les services de Google pour l\u2019espace europ\u00e9en.<\/p>\n<p>L\u2019utilisation des services de Google est soumise \u00e0 votre consentement. Nous vous demandons votre consentement avant l\u2019utilisation du service au moyen de notre pop-up relatif aux cookies. Ce consentement constitue la base juridique du traitement des donn\u00e9es \u00e0 caract\u00e8re personnel en vertu de l\u2019article 6, paragraphe 1, point a) du RGPD.<\/p>\n<p>Google traite des donn\u00e9es entre autres aussi aux \u00c9tats-Unis. Si vous souhaitez en savoir plus sur la gestion de vos donn\u00e9es, nous vous recommandons de lire les r\u00e8gles de confidentialit\u00e9 sur\u00a0<a href=\"https:\/\/policies.google.com\/privacy?hl=fr\">https:\/\/policies.google.com\/privacy?hl=fr<\/a>.<\/p>\n<p>Google Analytics\u00a0collecte des donn\u00e9es sur les activit\u00e9s des utilisateurs sur notre site web.<\/p>\n<p>\u00c0 l\u2019aide des rapports que nous recevons de la part de Google Analytics, nous pouvons adapter encore mieux nos prestations aux besoins des utilisateurs. Pour que Google Analytics fonctionne, un code de suivi est int\u00e9gr\u00e9 dans le code de notre site web. Dans la mesure o\u00f9 vous visitez notre site web et vous avez consenti \u00e0 l\u2019utilisation, ce code enregistre diff\u00e9rentes activit\u00e9s que vous menez sur notre site web. D\u00e8s que vous quittez notre site web, ces donn\u00e9es sont envoy\u00e9es au serveur de Google Analytics\u00a0et y sont enregistr\u00e9es. \u00c0 l\u2019aide d\u2019un code de suivi, Google Analytics attribue un identifiant al\u00e9atoire unique qui est reli\u00e9 au cookie de votre navigateur. Lorsque vous vous rendez la fois suivante sur notre site web, vous serez reconnu\u00b7e par exemple en tant qu\u2019utilisateur r\u00e9current.\u00a0 Toutes les donn\u00e9es collect\u00e9es sont enregistr\u00e9es conjointement avec notre identifiant utilisateur. De cette mani\u00e8re, il est possible d\u2019analyser les profils d\u2019utilisateur ayant un pseudonyme. Google traite ces donn\u00e9es et nous recevons des rapports sur votre comportement d\u2019utilisateur (rapports sur les groupes cibles, sur les annonces, les acquisitions, les comportements, les conversions et rapports en temps r\u00e9el).<\/p>\n<ol start=\"2\">\n<li><strong>Plugin de LinkedIn<\/strong><\/li>\n<\/ol>\n<p>LinkedIn est un r\u00e9seau professionnel qui permet aux membres d\u2019\u00e9tablir des contacts professionnels. Le fournisseur est la soci\u00e9t\u00e9 LinkedIn Corporation, 2029 Stierlin Court, Mountain View, CA 94043, \u00c9tats-Unis.<\/p>\n<p>Sur LinkedIn, vous pouvez cr\u00e9er des profils et chercher des offres d\u2019emploi et des projets. Les entreprises peuvent utiliser la plateforme pour pr\u00e9senter leur organisation en tant qu\u2019employeur attractif et recruter de nouveaux collaborateurs. LinkedIn collecte toutes les donn\u00e9es que les utilisateurs fournissent lors de l\u2019inscription et dans leur profil.<\/p>\n<p>Nous avons plac\u00e9 le plugin de LinkedIn sur notre site web. Cela nous permet de collecter automatiquement des donn\u00e9es \u00e0 caract\u00e8re personnel via un cookie, d\u00e8s que vous consultez notre site web. \u00c0 chaque consultation de l\u2019une de nos pages contenant des fonctions de LinkedIn, une connexion aux serveurs de LinkedIn est \u00e9tablie. LinkedIn est inform\u00e9 que vous avez consult\u00e9 des pages de notre site avec votre adresse IP. Si vous cliquez sur le bouton de recommandation de LinkedIn et que vous \u00eates connect\u00e9\u00b7e \u00e0 votre compte sur LinkedIn, LinkedIn a la possibilit\u00e9 d\u2019associer votre visite sur notre site internet \u00e0 vous et votre compte d\u2019utilisateur. Nous attirons votre attention sur le fait que nous-m\u00eames, en tant que fournisseur du site web, n\u2019avons pas connaissance du contenu des donn\u00e9es transmises ni de leur utilisation par LinkedIn.<\/p>\n<p>Vous trouverez de plus amples informations \u00e0 ce propos dans la politique de confidentialit\u00e9 de LinkedIn :\u00a0<a href=\"https:\/\/fr.linkedin.com\/legal\/privacy-policy\">https:\/\/fr.linkedin.com\/legal\/privacy-policy<\/a>.[\/vc_column_text][vc_empty_space][\/vc_column][\/vc_row][vc_row bg_type=&#8221;bg_color&#8221; bg_override=&#8221;full&#8221; css=&#8221;.vc_custom_1703233217511{background-position: center !important;background-repeat: no-repeat !important;background-size: cover !important;}&#8221; bg_color_value=&#8221;#0f0f0f&#8221;][vc_column][vc_empty_space height=&#8221;50px&#8221;]<div id=\"ultimate-heading-560669f3e6345d642\" class=\"uvc-heading ult-adjust-bottom-margin ultimate-heading-560669f3e6345d642 uvc-907  uvc-heading-default-font-sizes\" data-hspacer=\"no_spacer\"  data-halign=\"center\" style=\"text-align:center\"><div class=\"uvc-heading-spacer no_spacer\" style=\"top\"><\/div><div class=\"uvc-main-heading ult-responsive\"  data-ultimate-target='.uvc-heading.ultimate-heading-560669f3e6345d642 h2'  data-responsive-json-new='{\"font-size\":\"\",\"line-height\":\"\"}' ><h2 style=\"--font-weight:theme;color:#ffffff;\">Derni\u00e8res nouvelles de TeleAlarm<\/h2><\/div><div class=\"uvc-sub-heading ult-responsive\"  data-ultimate-target='.uvc-heading.ultimate-heading-560669f3e6345d642 .uvc-sub-heading '  data-responsive-json-new='{\"font-size\":\"\",\"line-height\":\"\"}'  style=\"font-weight:normal;\"><\/p>\n<p style=\"text-align: center;\"><span style=\"color: #ffffff;\">Ne manquez pas les informations ou les mises \u00e0 jour techniques en vous abonnant \u00e0 notre newsletter.<\/span><\/p>\n<p><\/div><\/div>[vc_empty_space height=&#8221;35px&#8221;]<style type=\"text\/css\" data-type=\"the7_shortcodes-inline-css\">#default-btn-adc148691fe8562e58828be718dce156.ico-right-side > i {\n  margin-right: 0px;\n  margin-left: 8px;\n}\n#default-btn-adc148691fe8562e58828be718dce156 > i {\n  margin-right: 8px;\n}<\/style><div class=\"btn-align-center\"><a href=\"https:\/\/www.telealarm.com\/fr\/subscribe-to-newsletter\/\" class=\"default-btn-shortcode dt-btn dt-btn-m link-hover-off \" target=\"_blank\" id=\"default-btn-adc148691fe8562e58828be718dce156\" style=\"width:350px;\" rel=\"noopener\"><span>S&#8217;inscrire<\/span><\/a><\/div>[vc_empty_space height=&#8221;50px&#8221;][\/vc_column][\/vc_row][vc_row bg_type=&#8221;bg_color&#8221; bg_override=&#8221;full&#8221; css=&#8221;.vc_custom_1703233217511{background-position: center !important;background-repeat: no-repeat !important;background-size: cover !important;}&#8221; bg_color_value=&#8221;#0f0f0f&#8221;][vc_column width=&#8221;1\/4&#8243;]<div id=\"ultimate-heading-763469f3e6345d739\" class=\"uvc-heading ult-adjust-bottom-margin ultimate-heading-763469f3e6345d739 uvc-3224  uvc-heading-default-font-sizes\" data-hspacer=\"no_spacer\"  data-halign=\"left\" style=\"text-align:left\"><div class=\"uvc-heading-spacer no_spacer\" style=\"top\"><\/div><div class=\"uvc-sub-heading ult-responsive\"  data-ultimate-target='.uvc-heading.ultimate-heading-763469f3e6345d739 .uvc-sub-heading '  data-responsive-json-new='{\"font-size\":\"\",\"line-height\":\"\"}'  style=\"font-weight:normal;\"><\/p>\n<p style=\"text-align: left;\"><span style=\"color: #ffffff;\"><strong>Produits<\/strong><\/span><\/p>\n<p style=\"text-align: left;\"><a style=\"text-decoration: none;\" href=\"https:\/\/www.telealarm.com\/fr\/teleassistance\/\"><span style=\"color: #999999;\">Appareils de t\u00e9l\u00e9assistance<\/span><\/a><\/p>\n<p style=\"text-align: left;\"><a style=\"text-decoration: none;\" href=\"https:\/\/www.telealarm.com\/fr\/assistive-technology-peripherals\/\"><span style=\"color: #999999;\">Accessoires pour appareils de t\u00e9l\u00e9assistance<\/span><\/a><\/p>\n<p style=\"text-align: left;\"><a style=\"text-decoration: none;\" href=\"https:\/\/www.telealarm.com\/fr\/nursecall-systemes\/\"><span style=\"color: #999999;\">Syst\u00e8mes d\u2019appel infirmi\u00e8res<\/span><\/a><\/p>\n<p style=\"text-align: left;\"><a style=\"text-decoration: none;\" href=\"https:\/\/www.telealarm.com\/fr\/systeme-dalarme-mobile\/\"><span style=\"color: #999999;\">EV-04 Syst\u00e8me d\u2019alarme mobile<\/span><\/a><\/p>\n<p style=\"text-align: left;\"><a style=\"text-decoration: none;\" href=\"https:\/\/www.telealarm.com\/fr\/lms9-professional-system\/\"><span style=\"color: #999999;\">Logiciel pour centrale d\u2019appels d\u2018urgence<\/span><\/a><\/p>\n<p style=\"text-align: left;\"><a style=\"text-decoration: none;\" href=\"https:\/\/www.telealarm.com\/fr\/cms-cloud-monitoring-system\/\"><span style=\"color: #999999;\">CMS Monitoring System<\/span><\/a><\/p>\n<p style=\"text-align: left;\"><a style=\"text-decoration: none;\" href=\"https:\/\/www.telealarm.com\/fr\/cloud-services\/\"><span style=\"color: #999999;\">TeleAlarm Cloud Services<\/span><\/a><\/p>\n<p><\/div><\/div>[\/vc_column][vc_column width=&#8221;1\/4&#8243;]<div id=\"ultimate-heading-572269f3e6345d75f\" class=\"uvc-heading ult-adjust-bottom-margin ultimate-heading-572269f3e6345d75f uvc-4023  uvc-heading-default-font-sizes\" data-hspacer=\"no_spacer\"  data-halign=\"left\" style=\"text-align:left\"><div class=\"uvc-heading-spacer no_spacer\" style=\"top\"><\/div><div class=\"uvc-sub-heading ult-responsive\"  data-ultimate-target='.uvc-heading.ultimate-heading-572269f3e6345d75f .uvc-sub-heading '  data-responsive-json-new='{\"font-size\":\"\",\"line-height\":\"\"}'  style=\"font-weight:normal;\"><\/p>\n<p style=\"text-align: left;\"><span style=\"color: #ffffff;\"><strong>Appareils de t\u00e9l\u00e9assistance<\/strong><\/span><\/p>\n<p style=\"text-align: left;\"><a style=\"text-decoration: none;\" href=\"https:\/\/www.telealarm.com\/fr\/project\/ta74-2\/\"><span style=\"color: #999999;\">T\u00e9l\u00e9assistance TA74<\/span><\/a><\/p>\n<p style=\"text-align: left;\"><a style=\"text-decoration: none;\" href=\"https:\/\/www.telealarm.com\/fr\/project\/tx-ng\/\"><span style=\"color: #999999;\">Tx NG &#8211; \u00c9metteur radio<\/span><\/a><\/p>\n<p><a style=\"text-decoration: none;\" href=\"https:\/\/www.telealarm.com\/fr\/project\/s37-2\/\"><span style=\"color: #999999;\">S37 &#8211; \u00c9metteur radio<\/span><\/a><\/p>\n<p style=\"text-align: left;\"><a style=\"text-decoration: none;\" href=\"https:\/\/www.telealarm.com\/fr\/project\/detecteur-de-chute-vibby-oak\/\"><span style=\"color: #999999;\">Vibby Oak &#8211; D\u00e9tecteur de chute<\/span><\/a><\/p>\n<p>&nbsp;<\/p>\n<p style=\"text-align: left;\"><span style=\"color: #ffffff;\"><strong>Extension audio<\/strong><\/span><\/p>\n<p style=\"text-align: left;\"><a style=\"text-decoration: none;\" href=\"https:\/\/www.telealarm.com\/fr\/project\/ta70\/\"><span style=\"color: #999999;\">TA70 Audio Extender<\/span><\/a><\/p>\n<p><\/div><\/div>[\/vc_column][vc_column width=&#8221;1\/4&#8243;]<div id=\"ultimate-heading-600769f3e6345d77f\" class=\"uvc-heading ult-adjust-bottom-margin ultimate-heading-600769f3e6345d77f uvc-7665  uvc-heading-default-font-sizes\" data-hspacer=\"no_spacer\"  data-halign=\"left\" style=\"text-align:left\"><div class=\"uvc-heading-spacer no_spacer\" style=\"top\"><\/div><div class=\"uvc-sub-heading ult-responsive\"  data-ultimate-target='.uvc-heading.ultimate-heading-600769f3e6345d77f .uvc-sub-heading '  data-responsive-json-new='{\"font-size\":\"\",\"line-height\":\"\"}'  style=\"font-weight:normal;\"><\/p>\n<p style=\"text-align: left;\"><span style=\"color: #ffffff;\"><strong>Syst\u00e8mes d\u2019appel infirmi\u00e8res<\/strong><\/span><\/p>\n<p style=\"text-align: left;\"><a style=\"text-decoration: none;\" href=\"https:\/\/www.telealarm.com\/fr\/project\/main-unit-8\/\"><span style=\"color: #999999;\">NurseCall 8 &#8211; Main Unit<\/span><\/a><\/p>\n<p style=\"text-align: left;\"><a style=\"text-decoration: none;\" href=\"https:\/\/www.telealarm.com\/fr\/project\/pr80-appareil-de-programmation\/\"><span style=\"color: #999999;\">PR80 &#8211; Appareil de programmation<\/span><\/a><\/p>\n<p style=\"text-align: left;\"><a style=\"text-decoration: none;\" href=\"https:\/\/www.telealarm.com\/fr\/project\/le80\/\"><span style=\"color: #999999;\">LE80 &#8211; R\u00e9cepteur radio<\/span><\/a><\/p>\n<p><a style=\"text-decoration: none;\" href=\"https:\/\/www.telealarm.com\/fr\/project\/n86-emetteur-multicriteres\/\"><span style=\"color: #999999;\">N86 &#8211; \u00c9metteur multicrit\u00e8res<\/span><\/a><\/p>\n<p style=\"text-align: left;\"><a style=\"text-decoration: none;\" href=\"https:\/\/www.telealarm.com\/fr\/project\/contact-dalarme-radio-avec-aimant-rac80\/\"><span style=\"color: #999999;\">RAC80 &#8211; Contact d\u2019alarme<\/span><\/a><\/p>\n<p style=\"text-align: left;\"><a style=\"text-decoration: none;\" href=\"https:\/\/www.telealarm.com\/fr\/project\/b81\/\"><span style=\"color: #999999;\">B81 &#8211; \u00c9metteur de quittance<\/span><\/a><\/p>\n<p style=\"text-align: left;\"><a style=\"text-decoration: none;\" href=\"https:\/\/www.telealarm.com\/fr\/project\/s85\/\"><span style=\"color: #999999;\">S85 &#8211; \u00c9metteur pendentif<\/span><\/a><\/p>\n<p><\/div><\/div>[\/vc_column][vc_column width=&#8221;1\/4&#8243;]<div id=\"ultimate-heading-325169f3e6345d79c\" class=\"uvc-heading ult-adjust-bottom-margin ultimate-heading-325169f3e6345d79c uvc-7654  uvc-heading-default-font-sizes\" data-hspacer=\"no_spacer\"  data-halign=\"left\" style=\"text-align:left\"><div class=\"uvc-heading-spacer no_spacer\" style=\"top\"><\/div><div class=\"uvc-sub-heading ult-responsive\"  data-ultimate-target='.uvc-heading.ultimate-heading-325169f3e6345d79c .uvc-sub-heading '  data-responsive-json-new='{\"font-size\":\"\",\"line-height\":\"\"}'  style=\"font-weight:normal;\"><\/p>\n<p style=\"text-align: left;\"><span style=\"color: #ffffff;\"><strong>Actualit\u00e9s et informations<\/strong><\/span><\/p>\n<p style=\"text-align: left;\"><a style=\"text-decoration: none;\" href=\"https:\/\/www.telealarm.com\/fr\/neuigkeiten\/\"><span style=\"color: #999999;\">Actualit\u00e9s<\/span><\/a><\/p>\n<p style=\"text-align: left;\"><a style=\"text-decoration: none;\" href=\"https:\/\/www.telealarm.com\/fr\/subscribe-to-newsletter\/\"><span style=\"color: #999999;\">Bulletin<\/span><\/a><\/p>\n<p><a style=\"text-decoration: none;\" href=\"https:\/\/www.telealarm.com\/fr\/document\/\"><span style=\"color: #999999;\">Downloads<\/span><\/a><\/p>\n<p style=\"text-align: left;\"><a style=\"text-decoration: none;\" href=\"https:\/\/www.telealarm.com\/fr\/partner\/\"><span style=\"color: #999999;\">Espace partenaires<\/span><\/a><\/p>\n<p><span style=\"color: #ffffff;\"><strong>\u00c0 propos de TeleAlarm<\/strong><\/span><\/p>\n<p style=\"text-align: left;\"><a style=\"text-decoration: none;\" href=\"https:\/\/www.telealarm.com\/fr\/a-propos-de-nous\/\"><span style=\"color: #999999;\">Entreprise<\/span><\/a><\/p>\n<p style=\"text-align: left;\"><a style=\"text-decoration: none;\" href=\"https:\/\/www.telealarm.com\/fr\/carriere\/\"><span style=\"color: #999999;\">Carri\u00e8re<\/span><\/a><\/p>\n<p><\/div><\/div>[\/vc_column][\/vc_row][vc_row full_width=&#8221;stretch_row&#8221; bg_type=&#8221;bg_color&#8221; css=&#8221;.vc_custom_1704357821395{padding-top: 0px !important;padding-bottom: 80px !important;}&#8221; bg_color_value=&#8221;#0f0f0f&#8221;][vc_column][vc_empty_space height=&#8221;30px&#8221;]<div id=\"ultimate-heading-200369f3e6345d7b9\" class=\"uvc-heading ult-adjust-bottom-margin ultimate-heading-200369f3e6345d7b9 uvc-4928  uvc-heading-default-font-sizes\" data-hspacer=\"no_spacer\"  data-halign=\"center\" style=\"text-align:center\"><div class=\"uvc-heading-spacer no_spacer\" style=\"top\"><\/div><div class=\"uvc-sub-heading ult-responsive\"  data-ultimate-target='.uvc-heading.ultimate-heading-200369f3e6345d7b9 .uvc-sub-heading '  data-responsive-json-new='{\"font-size\":\"\",\"line-height\":\"\"}'  style=\"font-weight:normal;\"><strong><span style=\"color: #ffffff;\">Certificats<\/span><\/strong><\/div><\/div>[vc_empty_space height=&#8221;15px&#8221;][vc_single_image image=&#8221;63412&#8243; img_size=&#8221;90&#215;90&#8243; alignment=&#8221;center&#8221;][vc_empty_space height=&#8221;15px&#8221;][vc_column_text]<\/p>\n<div class=\"team-author\">\n<div class=\"team-author-name\" style=\"text-align: center;\"><span style=\"color: #ffffff;\">D\u00e9veloppement, production, vente et service \u00e0 la client\u00e8le de syst\u00e8mes de s\u00e9curit\u00e9 \u00e9lectronique et de t\u00e9l\u00e9communications<\/span><\/div>\n<p style=\"text-align: center; color: #329bd2;\">ISO 9001:2015<\/p>\n<\/div>\n<p>[\/vc_column_text][\/vc_column][\/vc_row][vc_row bg_type=&#8221;bg_color&#8221; bg_override=&#8221;ex-full&#8221; margin_bottom=&#8221;-50&#8243; padding_top=&#8221;25&#8243; padding_bottom=&#8221;25&#8243; bg_color=&#8221;#222222&#8243; type=&#8221;2&#8243; bg_color_value=&#8221;#222222&#8243; css=&#8221;.vc_custom_1592371230691{padding-top: 10px !important;padding-bottom: 16px !important;background-color: #222222 !important;}&#8221; el_id=&#8221;footer_copyright&#8221;][vc_column width=&#8221;3\/4&#8243; offset=&#8221;vc_col-lg-9 vc_col-md-9&#8243; css=&#8221;.vc_custom_1593724162491{padding-top: 10px !important;padding-bottom: 10px !important;}&#8221; el_class=&#8221;footer_link&#8221;][vc_column_text]<\/p>\n<p style=\"font-size: 13px; line-height: 22px; color: #ffffff;\"><i class=\"fa fa-copyright\" style=\"color: #ffffff;\"><\/i> 2024 | TELEALARM EUROPE GMBH | <a style=\"color: #ffffff; text-decoration: none;\" href=\"https:\/\/www.telealarm.com\/fr\/impressum-2\/\">MENTIONS L\u00c9GALES<\/a> | <a style=\"color: #ffffff; text-decoration: none;\" href=\"https:\/\/www.telealarm.com\/fr\/politique-de-confidentialite\/\">POLITIQUE DE CONFIDENTIALIT\u00c9<\/a> | <a style=\"color: #ffffff; text-decoration: none;\" href=\"https:\/\/www.telealarm.com\/fr\/agb\/\">CONDITIONS G\u00c9N\u00c9RALES DE VENTE<\/a><\/p>\n<p>[\/vc_column_text][\/vc_column][vc_column width=&#8221;1\/4&#8243; offset=&#8221;vc_col-lg-3 vc_col-md-3&#8243; css=&#8221;.vc_custom_1593724175778{padding-top: 10px !important;padding-bottom: 10px !important;}&#8221; el_class=&#8221;footer_social&#8221;]<div class=\" vc_custom_1591001863042 uavc-icons-right uavc-icons \">\n<a class=\"aio-tooltip 69f3e6345d977\" href=\"https:\/\/www.linkedin.com\/company\/telealarm\/\" target=\"_blank\" rel=\"noopener\"  data-toggle=\"tooltip\" data-placement=\"\" title=\"\"><div class=\"aio-icon advanced \" data-animation=\"\" data-animation-delay=\"03\" style=\"color:#ffffff;background:rgba(0,0,0,0.01);border-style:solid;border-color:rgba(255,255,255,0.2);border-width:2px;width:32px;height:32px;line-height:32px;border-radius:500px;font-size:16px;margin-right:5px;\">\n\t<i class=\"icomoon-free-social-contact-16x16-linkedin2\"><\/i>\n<\/div><\/a>\n<a class=\"aio-tooltip 69f3e6345d9a2\" href=\"https:\/\/www.facebook.com\/telealarmeurope\" target=\"_blank\" rel=\"noopener\"  data-toggle=\"tooltip\" data-placement=\"\" title=\"\"><div class=\"aio-icon advanced \" data-animation=\"\" data-animation-delay=\"03\" style=\"color:#ffffff;background:rgba(0,0,0,0.01);border-style:solid;border-color:rgba(255,255,255,0.2);border-width:2px;width:32px;height:32px;line-height:32px;border-radius:500px;font-size:16px;margin-right:5px;\">\n\t<i class=\"icomoon-free-social-contact-16x16-facebook2\"><\/i>\n<\/div><\/a>\n<a class=\"aio-tooltip 69f3e6345d9bb\" href=\"https:\/\/www.youtube.com\/@telealarm\" target=\"_blank\" rel=\"noopener\"  data-toggle=\"tooltip\" data-placement=\"\" title=\"\"><div class=\"aio-icon advanced \" data-animation=\"\" data-animation-delay=\"03\" style=\"color:#ffffff;background:rgba(0,0,0,0.01);border-style:solid;border-color:rgba(255,255,255,0.2);border-width:2px;width:32px;height:32px;line-height:32px;border-radius:500px;font-size:16px;margin-right:5px;\">\n\t<i class=\"fab fa-youtube\"><\/i>\n<\/div><\/a><\/div>[\/vc_column][\/vc_row]<\/p>\n<\/section>\t\t<\/div>\r\n\r\n\t\t\r\n\t\t<a href=\"javascript:void(0);\" class=\"um-toggle-gdpr\" data-toggle-state=\"hidden\"\r\n\t\t   data-toggle-show=\"Afficher la d\u00e9claration de confidentialit\u00e9\"\r\n\t\t   data-toggle-hide=\"Cacher la d\u00e9claration de confidentialit\u00e9\">\r\n\t\t\tAfficher la d\u00e9claration de confidentialit\u00e9\t\t<\/a>\r\n\t<\/div>\r\n\t<div class=\"um-field-area\">\r\n\r\n\t\t\r\n\t\t<label class=\"um-field-checkbox\">\r\n\t\t\t<input type=\"checkbox\" name=\"use_gdpr_agreement\" value=\"1\">\r\n\t\t\t<span class=\"um-field-checkbox-state\"><i class=\"um-icon-android-checkbox-outline-blank\"><\/i><\/span>\r\n\t\t\t<span class=\"um-field-checkbox-option\">Veuillez confirmer que vous avez lu et accept\u00e9 notre politique de confidentialit\u00e9.<\/span>\r\n\t\t<\/label>\r\n\t\t<div class=\"um-clear\"><\/div>\r\n\r\n\t\t\r\n\t\t<div class=\"um-clear\"><\/div>\r\n\t<\/div>\r\n<\/div>\t\t<input type=\"hidden\" name=\"form_id\" id=\"form_id_60137\" value=\"60137\" \/>\r\n\t\r\n\t<p class=\"um_request_name\">\r\n\t\t<label for=\"um_request_60137\">Only fill in if you are not human<\/label>\r\n\t\t<input type=\"hidden\" name=\"um_request\" id=\"um_request_60137\" class=\"input\" value=\"\" size=\"25\" autocomplete=\"off\" \/>\r\n\t<\/p>\r\n\r\n\t<input type=\"hidden\" id=\"_wpnonce\" name=\"_wpnonce\" value=\"8ed91a83d9\" \/><input type=\"hidden\" name=\"_wp_http_referer\" value=\"\/fr\/wp-json\/wp\/v2\/pages\/60139\/\" \/>\r\n\t<div class=\"um-col-alt\">\r\n\r\n\t\t\r\n\t\t\t<div class=\"um-left um-half\">\r\n\t\t\t\t<input type=\"submit\" value=\"Enregistrer\" class=\"um-button\" id=\"um-submit-btn\" \/>\r\n\t\t\t<\/div>\r\n\t\t\t<div class=\"um-right um-half\">\r\n\t\t\t\t<a href=\"https:\/\/www.telealarm.com\/fr\/connection\/\" class=\"um-button um-alt\">\r\n\t\t\t\t\tConnection\t\t\t\t<\/a>\r\n\t\t\t<\/div>\r\n\r\n\t\t\r\n\t\t<div class=\"um-clear\"><\/div>\r\n\r\n\t<\/div>\r\n\r\n\t\t\t\r\n\t\t<\/form>\r\n\r\n\t<\/div>\r\n\r\n<\/div><style type=\"text\/css\">\r\n.um-60137.um {\r\n\tmax-width: 450px;\r\n}<\/style>\r\n[\/vc_column_text][vc_empty_space][\/vc_column][\/vc_row][vc_row bg_type=&#8221;bg_color&#8221; bg_override=&#8221;ex-full&#8221; el_id=&#8221;footer_copyright&#8221; css=&#8221;.vc_custom_1643106771972{padding-top: 10px !important;padding-bottom: 16px !important;background-color: #222222 !important;}&#8221; bg_color_value=&#8221;#222222&#8243;][vc_column width=&#8221;2\/3&#8243;][vc_column_text]<\/p>\n<p style=\"font-size: 13px; line-height: 22px; color: #ffffff;\"><i class=\"fa fa-copyright\" style=\"color: #ffffff;\"><\/i> 2022 | TELEALARM EUROPE GMBH | <a style=\"color: #ffffff; text-decoration: none;\" href=\"https:\/\/www.telealarm.com\/fr\/impressum\/\">MENTIONS L\u00c9GALES<\/a> | <a style=\"color: #ffffff; text-decoration: none;\" href=\"https:\/\/www.telealarm.com\/fr\/politique-de-confidentialite\/\">POLITIQUE DE CONFIDENTIALIT\u00c9<\/a> | <a style=\"color: #ffffff; text-decoration: none;\" href=\"https:\/\/www.telealarm.com\/fr\/agb\/\">CONDITIONS G\u00c9N\u00c9RALES DE VENTE<\/a><\/p>\n<p>[\/vc_column_text][\/vc_column][vc_column width=&#8221;1\/3&#8243;]<div class=\" vc_custom_1643106543227 uavc-icons-right uavc-icons \">\n<a class=\"aio-tooltip 69f3e6345e9ef\" href=\"https:\/\/www.linkedin.com\/company\/telealarm\/\"  data-toggle=\"tooltip\" data-placement=\"\" title=\"\"><div class=\"aio-icon advanced \" data-animation=\"\" data-animation-delay=\"03\" style=\"color:#ffffff;background:rgba(0,0,0,0.01);border-style:solid;border-color:rgba(255,255,255,0.2);border-width:2px;width:32px;height:32px;line-height:32px;border-radius:500px;font-size:16px;margin-right:5px;\">\n\t<i class=\"icomoon-the7-font-linkedin\"><\/i>\n<\/div><\/a><\/div>[\/vc_column][\/vc_row]<\/p>\n<\/section>","protected":false},"excerpt":{"rendered":"<p>[vc_row][vc_column][vc_empty_space][vc_column_text][\/vc_column_text][vc_empty_space][\/vc_column][\/vc_row][vc_row bg_type=&#8221;bg_color&#8221; bg_override=&#8221;ex-full&#8221; el_id=&#8221;footer_copyright&#8221; css=&#8221;.vc_custom_1643106771972{padding-top: 10px !important;padding-bottom: 16px !important;background-color: #222222 !important;}&#8221; bg_color_value=&#8221;#222222&#8243;][vc_column width=&#8221;2\/3&#8243;][vc_column_text] 2022 | TELEALARM EUROPE GMBH | MENTIONS L\u00c9GALES | POLITIQUE DE CONFIDENTIALIT\u00c9 | CONDITIONS G\u00c9N\u00c9RALES DE VENTE [\/vc_column_text][\/vc_column][vc_column width=&#8221;1\/3&#8243;][\/vc_column][\/vc_row]<\/p>\n","protected":false},"author":167,"featured_media":0,"parent":0,"menu_order":0,"comment_status":"closed","ping_status":"closed","template":"template-microsite.php","meta":{"_monsterinsights_skip_tracking":false,"_monsterinsights_sitenote_active":false,"_monsterinsights_sitenote_note":"","_monsterinsights_sitenote_category":0,"footnotes":""},"class_list":["post-60139","page","type-page","status-publish","hentry","description-off"],"yoast_head":"<!-- This site is optimized with the Yoast SEO plugin v20.2.1 - https:\/\/yoast.com\/wordpress\/plugins\/seo\/ -->\n<title>enregistrer espace partenaires<\/title>\n<meta name=\"description\" content=\"Inscrivez-vous \u00e0 notre espace pInscriez-vous \u00e0 notre espace partenaires sur TeleAlarm.com pour pouvoir t\u00e9l\u00e9charger des documents, des logiciels et des brochures.\" \/>\n<meta name=\"robots\" content=\"index, follow, max-snippet:-1, max-image-preview:large, max-video-preview:-1\" \/>\n<link rel=\"canonical\" href=\"https:\/\/www.telealarm.com\/fr\/enregistrer-espace-partenaires\/\" \/>\n<meta property=\"og:locale\" content=\"fr_FR\" \/>\n<meta property=\"og:type\" content=\"article\" \/>\n<meta property=\"og:title\" content=\"enregistrer espace partenaires\" \/>\n<meta property=\"og:description\" content=\"Inscrivez-vous \u00e0 notre espace pInscriez-vous \u00e0 notre espace partenaires sur TeleAlarm.com pour pouvoir t\u00e9l\u00e9charger des documents, des logiciels et des brochures.\" \/>\n<meta property=\"og:url\" content=\"https:\/\/www.telealarm.com\/fr\/enregistrer-espace-partenaires\/\" \/>\n<meta property=\"og:site_name\" content=\"TeleAlarm\" \/>\n<meta property=\"article:modified_time\" content=\"2022-03-23T15:51:43+00:00\" \/>\n<meta name=\"twitter:card\" content=\"summary_large_image\" \/>\n<meta name=\"twitter:label1\" content=\"Dur\u00e9e de lecture estim\u00e9e\" \/>\n\t<meta name=\"twitter:data1\" content=\"1 minute\" \/>\n<script type=\"application\/ld+json\" class=\"yoast-schema-graph\">{\"@context\":\"https:\/\/schema.org\",\"@graph\":[{\"@type\":\"WebPage\",\"@id\":\"https:\/\/www.telealarm.com\/fr\/enregistrer-espace-partenaires\/\",\"url\":\"https:\/\/www.telealarm.com\/fr\/enregistrer-espace-partenaires\/\",\"name\":\"enregistrer espace partenaires\",\"isPartOf\":{\"@id\":\"https:\/\/www.telealarm.com\/#website\"},\"datePublished\":\"2022-02-23T12:18:00+00:00\",\"dateModified\":\"2022-03-23T15:51:43+00:00\",\"description\":\"Inscrivez-vous \u00e0 notre espace pInscriez-vous \u00e0 notre espace partenaires sur TeleAlarm.com pour pouvoir t\u00e9l\u00e9charger des documents, des logiciels et des brochures.\",\"breadcrumb\":{\"@id\":\"https:\/\/www.telealarm.com\/fr\/enregistrer-espace-partenaires\/#breadcrumb\"},\"inLanguage\":\"fr-FR\",\"potentialAction\":[{\"@type\":\"ReadAction\",\"target\":[\"https:\/\/www.telealarm.com\/fr\/enregistrer-espace-partenaires\/\"]}]},{\"@type\":\"BreadcrumbList\",\"@id\":\"https:\/\/www.telealarm.com\/fr\/enregistrer-espace-partenaires\/#breadcrumb\",\"itemListElement\":[{\"@type\":\"ListItem\",\"position\":1,\"name\":\"Startseite\",\"item\":\"https:\/\/www.telealarm.com\/fr\/\"},{\"@type\":\"ListItem\",\"position\":2,\"name\":\"enregistrer espace partenaires\"}]},{\"@type\":\"WebSite\",\"@id\":\"https:\/\/www.telealarm.com\/#website\",\"url\":\"https:\/\/www.telealarm.com\/\",\"name\":\"TeleAlarm\",\"description\":\"Swiss Design\",\"potentialAction\":[{\"@type\":\"SearchAction\",\"target\":{\"@type\":\"EntryPoint\",\"urlTemplate\":\"https:\/\/www.telealarm.com\/?s={search_term_string}\"},\"query-input\":\"required name=search_term_string\"}],\"inLanguage\":\"fr-FR\"}]}<\/script>\n<!-- \/ Yoast SEO plugin. -->","yoast_head_json":{"title":"enregistrer espace partenaires","description":"Inscrivez-vous \u00e0 notre espace pInscriez-vous \u00e0 notre espace partenaires sur TeleAlarm.com pour pouvoir t\u00e9l\u00e9charger des documents, des logiciels et des brochures.","robots":{"index":"index","follow":"follow","max-snippet":"max-snippet:-1","max-image-preview":"max-image-preview:large","max-video-preview":"max-video-preview:-1"},"canonical":"https:\/\/www.telealarm.com\/fr\/enregistrer-espace-partenaires\/","og_locale":"fr_FR","og_type":"article","og_title":"enregistrer espace partenaires","og_description":"Inscrivez-vous \u00e0 notre espace pInscriez-vous \u00e0 notre espace partenaires sur TeleAlarm.com pour pouvoir t\u00e9l\u00e9charger des documents, des logiciels et des brochures.","og_url":"https:\/\/www.telealarm.com\/fr\/enregistrer-espace-partenaires\/","og_site_name":"TeleAlarm","article_modified_time":"2022-03-23T15:51:43+00:00","twitter_card":"summary_large_image","twitter_misc":{"Dur\u00e9e de lecture estim\u00e9e":"1 minute"},"schema":{"@context":"https:\/\/schema.org","@graph":[{"@type":"WebPage","@id":"https:\/\/www.telealarm.com\/fr\/enregistrer-espace-partenaires\/","url":"https:\/\/www.telealarm.com\/fr\/enregistrer-espace-partenaires\/","name":"enregistrer espace partenaires","isPartOf":{"@id":"https:\/\/www.telealarm.com\/#website"},"datePublished":"2022-02-23T12:18:00+00:00","dateModified":"2022-03-23T15:51:43+00:00","description":"Inscrivez-vous \u00e0 notre espace pInscriez-vous \u00e0 notre espace partenaires sur TeleAlarm.com pour pouvoir t\u00e9l\u00e9charger des documents, des logiciels et des brochures.","breadcrumb":{"@id":"https:\/\/www.telealarm.com\/fr\/enregistrer-espace-partenaires\/#breadcrumb"},"inLanguage":"fr-FR","potentialAction":[{"@type":"ReadAction","target":["https:\/\/www.telealarm.com\/fr\/enregistrer-espace-partenaires\/"]}]},{"@type":"BreadcrumbList","@id":"https:\/\/www.telealarm.com\/fr\/enregistrer-espace-partenaires\/#breadcrumb","itemListElement":[{"@type":"ListItem","position":1,"name":"Startseite","item":"https:\/\/www.telealarm.com\/fr\/"},{"@type":"ListItem","position":2,"name":"enregistrer espace partenaires"}]},{"@type":"WebSite","@id":"https:\/\/www.telealarm.com\/#website","url":"https:\/\/www.telealarm.com\/","name":"TeleAlarm","description":"Swiss Design","potentialAction":[{"@type":"SearchAction","target":{"@type":"EntryPoint","urlTemplate":"https:\/\/www.telealarm.com\/?s={search_term_string}"},"query-input":"required name=search_term_string"}],"inLanguage":"fr-FR"}]}},"_links":{"self":[{"href":"https:\/\/www.telealarm.com\/fr\/wp-json\/wp\/v2\/pages\/60139\/"}],"collection":[{"href":"https:\/\/www.telealarm.com\/fr\/wp-json\/wp\/v2\/pages\/"}],"about":[{"href":"https:\/\/www.telealarm.com\/fr\/wp-json\/wp\/v2\/types\/page\/"}],"author":[{"embeddable":true,"href":"https:\/\/www.telealarm.com\/fr\/wp-json\/wp\/v2\/users\/167\/"}],"replies":[{"embeddable":true,"href":"https:\/\/www.telealarm.com\/fr\/wp-json\/wp\/v2\/comments\/?post=60139"}],"version-history":[{"count":5,"href":"https:\/\/www.telealarm.com\/fr\/wp-json\/wp\/v2\/pages\/60139\/revisions\/"}],"predecessor-version":[{"id":60376,"href":"https:\/\/www.telealarm.com\/fr\/wp-json\/wp\/v2\/pages\/60139\/revisions\/60376\/"}],"wp:attachment":[{"href":"https:\/\/www.telealarm.com\/fr\/wp-json\/wp\/v2\/media\/?parent=60139"}],"curies":[{"name":"wp","href":"https:\/\/api.w.org\/{rel}","templated":true}]}}